{"id":35536,"date":"2019-06-24T00:52:10","date_gmt":"2025-03-27T12:59:12","guid":{"rendered":"https:\/\/stil-fit.com\/shop\/stil-fit-forlangd-sadelstolpe\/"},"modified":"2025-03-27T13:59:12","modified_gmt":"2025-03-27T12:59:12","slug":"stil-fit-forlangd-sadelstolpe","status":"publish","type":"product","link":"https:\/\/stil-fit.com\/sv\/shop\/stil-fit-forlangd-sadelstolpe\/","title":{"rendered":"STIL-FIT F\u00f6rl\u00e4ngd sadelstolpe"},"content":{"rendered":"<h1><strong><span style=\"font-size: 75%;\">F\u00f6rl\u00e4ngd sadelstolpe<\/span><\/strong><\/h1>\n<p>F\u00f6r v\u00e5ra kunder som \u00e4r l\u00e4ngre \u00e4n 190 cm erbjuder vi en f\u00f6rl\u00e4ngd sadelstolpe. P\u00e5 s\u00e5 s\u00e4tt ser vi till att du fortfarande kan cykla p\u00e5 v\u00e5r cykel med perfekt ergonomi.<\/p>\n","protected":false},"excerpt":{"rendered":"<p>F\u00f6rl\u00e4ngd sadelstolpe F\u00f6r v\u00e5ra kunder som \u00e4r l\u00e4ngre \u00e4n 190 cm erbjuder vi en f\u00f6rl\u00e4ngd sadelstolpe. P\u00e5 s\u00e5 s\u00e4tt ser vi till att du fortfarande kan cykla p\u00e5 v\u00e5r cykel med perfekt ergonomi.<\/p>\n","protected":false},"featured_media":26196,"comment_status":"closed","ping_status":"closed","template":"","meta":{"_monsterinsights_skip_tracking":false,"_monsterinsights_sitenote_active":false,"_monsterinsights_sitenote_note":"","_monsterinsights_sitenote_category":0},"product_brand":[],"product_cat":[2915,2939],"product_tag":[],"yst_prominent_words":[281,279,278,284,283,282,280,285],"class_list":{"0":"post-35536","1":"product","2":"type-product","3":"status-publish","4":"has-post-thumbnail","6":"product_cat-motionscykel-sv","7":"product_cat-uncategorised-sv","8":"product_shipping_class-kleingerate-sv","10":"first","11":"instock","12":"taxable","13":"shipping-taxable","14":"purchasable","15":"product-type-simple"},"composite_virtual":false,"composite_layout":"","composite_add_to_cart_form_location":"","composite_editable_in_cart":false,"composite_sold_individually_context":"","composite_shop_price_calc":"","composite_components":[],"composite_scenarios":[],"bundled_by":[],"bundle_stock_status":"instock","bundle_stock_quantity":null,"bundle_virtual":false,"bundle_layout":"","bundle_add_to_cart_form_location":"","bundle_editable_in_cart":false,"bundle_sold_individually_context":"","bundle_item_grouping":"","bundle_min_size":"","bundle_max_size":"","bundle_price":[],"bundled_items":[],"bundle_sell_ids":[],"yoast_head":"<!-- This site is optimized with the Yoast SEO Premium plugin v14.5 - https:\/\/yoast.com\/wordpress\/plugins\/seo\/ -->\n<title>STIL-FIT F\u00f6rl\u00e4ngd sadelstolpe | STIL-FIT<\/title>\n<meta name=\"robots\" content=\"index, follow\" \/>\n<meta name=\"googlebot\" content=\"index, follow, max-snippet:-1, max-image-preview:large, max-video-preview:-1\" \/>\n<meta name=\"bingbot\" content=\"index, follow, max-snippet:-1, max-image-preview:large, max-video-preview:-1\" \/>\n<link rel=\"canonical\" href=\"https:\/\/stil-fit.com\/sv\/shop\/stil-fit-forlangd-sadelstolpe\/\" \/>\n<meta property=\"og:locale\" content=\"sv_SE\" \/>\n<meta property=\"og:type\" content=\"article\" \/>\n<meta property=\"og:title\" content=\"STIL-FIT F\u00f6rl\u00e4ngd sadelstolpe | STIL-FIT\" \/>\n<meta property=\"og:description\" content=\"F\u00f6rl\u00e4ngd sadelstolpe F\u00f6r v\u00e5ra kunder som \u00e4r l\u00e4ngre \u00e4n 190 cm erbjuder vi en f\u00f6rl\u00e4ngd sadelstolpe. P\u00e5 s\u00e5 s\u00e4tt ser vi till att du fortfarande kan cykla p\u00e5 v\u00e5r cykel med perfekt ergonomi.\" \/>\n<meta property=\"og:url\" content=\"https:\/\/stil-fit.com\/sv\/shop\/stil-fit-forlangd-sadelstolpe\/\" \/>\n<meta property=\"og:site_name\" content=\"STIL-FIT\" \/>\n<meta property=\"article:publisher\" content=\"https:\/\/de-de.facebook.com\/stilfit\/\" \/>\n<meta property=\"og:image\" content=\"https:\/\/stil-fit.com\/wp-content\/uploads\/2019\/06\/STIL-FIT-Ergometer-\u00fcberlange-Sattelstange.jpg\" \/>\n\t<meta property=\"og:image:width\" content=\"1200\" \/>\n\t<meta property=\"og:image:height\" content=\"1200\" \/>\n<meta name=\"twitter:card\" content=\"summary_large_image\" \/>\n<script type=\"application\/ld+json\" class=\"yoast-schema-graph\">{\"@context\":\"https:\/\/schema.org\",\"@graph\":[{\"@type\":\"Organization\",\"@id\":\"https:\/\/stil-fit.com\/sv\/#organization\",\"name\":\"STIL-FIT International GmbH\",\"url\":\"https:\/\/stil-fit.com\/sv\/\",\"sameAs\":[\"https:\/\/de-de.facebook.com\/stilfit\/\",\"https:\/\/www.instagram.com\/stil_fit_int\/\",\"https:\/\/www.linkedin.com\/company\/stil-fit-international-gmbh\",\"https:\/\/www.youtube.com\/channel\/UC2HA1BeZtFB0acPMfq1hKdQ\",\"https:\/\/www.pinterest.com\/STILFITInt\/\"],\"logo\":{\"@type\":\"ImageObject\",\"@id\":\"https:\/\/stil-fit.com\/sv\/#logo\",\"inLanguage\":\"sv-SE\",\"url\":\"https:\/\/stil-fit.com\/wp-content\/uploads\/2019\/02\/stilfit_logo.jpg\",\"width\":150,\"height\":150,\"caption\":\"STIL-FIT International GmbH\"},\"image\":{\"@id\":\"https:\/\/stil-fit.com\/sv\/#logo\"}},{\"@type\":\"WebSite\",\"@id\":\"https:\/\/stil-fit.com\/sv\/#website\",\"url\":\"https:\/\/stil-fit.com\/sv\/\",\"name\":\"STIL-FIT\",\"description\":\"Stil-fit\",\"publisher\":{\"@id\":\"https:\/\/stil-fit.com\/sv\/#organization\"},\"potentialAction\":[{\"@type\":\"SearchAction\",\"target\":\"https:\/\/stil-fit.com\/sv\/?s={search_term_string}\",\"query-input\":\"required name=search_term_string\"}],\"inLanguage\":\"sv-SE\"},{\"@type\":\"ImageObject\",\"@id\":\"https:\/\/stil-fit.com\/sv\/shop\/stil-fit-forlangd-sadelstolpe\/#primaryimage\",\"inLanguage\":\"sv-SE\",\"url\":\"https:\/\/stil-fit.com\/wp-content\/uploads\/2019\/06\/STIL-FIT-Ergometer-\\u00fcberlange-Sattelstange.jpg\",\"width\":1200,\"height\":1200},{\"@type\":\"WebPage\",\"@id\":\"https:\/\/stil-fit.com\/sv\/shop\/stil-fit-forlangd-sadelstolpe\/#webpage\",\"url\":\"https:\/\/stil-fit.com\/sv\/shop\/stil-fit-forlangd-sadelstolpe\/\",\"name\":\"STIL-FIT F\\u00f6rl\\u00e4ngd sadelstolpe | STIL-FIT\",\"isPartOf\":{\"@id\":\"https:\/\/stil-fit.com\/sv\/#website\"},\"primaryImageOfPage\":{\"@id\":\"https:\/\/stil-fit.com\/sv\/shop\/stil-fit-forlangd-sadelstolpe\/#primaryimage\"},\"datePublished\":\"2025-03-27T12:59:12+00:00\",\"dateModified\":\"2025-03-27T12:59:12+00:00\",\"inLanguage\":\"sv-SE\",\"potentialAction\":[{\"@type\":\"ReadAction\",\"target\":[\"https:\/\/stil-fit.com\/sv\/shop\/stil-fit-forlangd-sadelstolpe\/\"]}]}]}<\/script>\n<!-- \/ Yoast SEO Premium plugin. -->","post_mailing_queue_ids":[],"_links":{"self":[{"href":"https:\/\/stil-fit.com\/sv\/wp-json\/wp\/v2\/product\/35536","targetHints":{"allow":["GET"]}}],"collection":[{"href":"https:\/\/stil-fit.com\/sv\/wp-json\/wp\/v2\/product"}],"about":[{"href":"https:\/\/stil-fit.com\/sv\/wp-json\/wp\/v2\/types\/product"}],"replies":[{"embeddable":true,"href":"https:\/\/stil-fit.com\/sv\/wp-json\/wp\/v2\/comments?post=35536"}],"wp:featuredmedia":[{"embeddable":true,"href":"https:\/\/stil-fit.com\/sv\/wp-json\/wp\/v2\/media\/26196"}],"wp:attachment":[{"href":"https:\/\/stil-fit.com\/sv\/wp-json\/wp\/v2\/media?parent=35536"}],"wp:term":[{"taxonomy":"product_brand","embeddable":true,"href":"https:\/\/stil-fit.com\/sv\/wp-json\/wp\/v2\/product_brand?post=35536"},{"taxonomy":"product_cat","embeddable":true,"href":"https:\/\/stil-fit.com\/sv\/wp-json\/wp\/v2\/product_cat?post=35536"},{"taxonomy":"product_tag","embeddable":true,"href":"https:\/\/stil-fit.com\/sv\/wp-json\/wp\/v2\/product_tag?post=35536"},{"taxonomy":"yst_prominent_words","embeddable":true,"href":"https:\/\/stil-fit.com\/sv\/wp-json\/wp\/v2\/yst_prominent_words?post=35536"}],"curies":[{"name":"wp","href":"https:\/\/api.w.org\/{rel}","templated":true}]}}